{"id":139891,"date":"2025-08-19T10:07:39","date_gmt":"2025-08-19T14:07:39","guid":{"rendered":"https:\/\/oafdn.ca\/?page_id=139891"},"modified":"2025-08-19T14:07:15","modified_gmt":"2025-08-19T18:07:15","slug":"fabienne-de-cartier-award-for-poetry","status":"publish","type":"page","link":"https:\/\/oafdn.ca\/fr\/programs\/awards\/fabienne-de-cartier-award-for-poetry\/","title":{"rendered":"Prix Fabienne de Cartier pour la po\u00e9sie"},"content":{"rendered":"<div data-elementor-type=\"wp-page\" data-elementor-id=\"139891\" class=\"elementor elementor-139891\" wpc-filter-elementor-widget=\"1\">\n\t\t\t\t\t\t<section class=\"elementor-section elementor-top-section elementor-element elementor-element-76039eb elementor-section-boxed elementor-section-height-default elementor-section-height-default\" data-id=\"76039eb\" data-element_type=\"section\" data-e-type=\"section\">\n\t\t\t\t\t\t<div class=\"elementor-container elementor-column-gap-default\">\n\t\t\t\t\t<div class=\"elementor-column elementor-col-100 elementor-top-column elementor-element elementor-element-803066e\" data-id=\"803066e\" data-element_type=\"column\" data-e-type=\"column\">\n\t\t\t<div class=\"elementor-widget-wrap elementor-element-populated\">\n\t\t\t\t\t\t<div class=\"elementor-element elementor-element-069d263 elementor-widget elementor-widget-heading\" data-id=\"069d263\" data-element_type=\"widget\" data-e-type=\"widget\" data-widget_type=\"heading.default\">\n\t\t\t\t<div class=\"elementor-widget-container\">\n\t\t\t\t\t<h2 class=\"elementor-heading-title elementor-size-default\">Prix Fabienne de Cartier pour la po\u00e9sie<\/h2>\t\t\t\t<\/div>\n\t\t\t\t<\/div>\n\t\t\t\t<div class=\"elementor-element elementor-element-ca41229 elementor-widget-divider--view-line elementor-widget elementor-widget-divider\" data-id=\"ca41229\" data-element_type=\"widget\" data-e-type=\"widget\" data-widget_type=\"divider.default\">\n\t\t\t\t<div class=\"elementor-widget-container\">\n\t\t\t\t\t\t\t<div class=\"elementor-divider\">\n\t\t\t<span class=\"elementor-divider-separator\">\n\t\t\t\t\t\t<\/span>\n\t\t<\/div>\n\t\t\t\t\t\t<\/div>\n\t\t\t\t<\/div>\n\t\t\t\t\t<\/div>\n\t\t<\/div>\n\t\t\t\t\t<\/div>\n\t\t<\/section>\n\t\t\t\t<section class=\"elementor-section elementor-top-section elementor-element elementor-element-a25d55f elementor-section-boxed elementor-section-height-default elementor-section-height-default\" data-id=\"a25d55f\" data-element_type=\"section\" data-e-type=\"section\">\n\t\t\t\t\t\t<div class=\"elementor-container elementor-column-gap-default\">\n\t\t\t\t\t<div class=\"elementor-column elementor-col-100 elementor-top-column elementor-element elementor-element-f6f6d25\" data-id=\"f6f6d25\" data-element_type=\"column\" data-e-type=\"column\">\n\t\t\t<div class=\"elementor-widget-wrap elementor-element-populated\">\n\t\t\t\t\t\t<div class=\"elementor-element elementor-element-12def7d elementor-widget elementor-widget-text-editor\" data-id=\"12def7d\" data-element_type=\"widget\" data-e-type=\"widget\" data-widget_type=\"text-editor.default\">\n\t\t\t\t<div class=\"elementor-widget-container\">\n\t\t\t\t\t\t\t\t\t<p><img fetchpriority=\"high\" decoding=\"async\" class=\"alignleft wp-image-139901\" src=\"https:\/\/oafdn.ca\/wp-content\/uploads\/2025\/08\/Fabienne-web-563x1024.jpg\" alt=\"\" width=\"250\" height=\"454\" srcset=\"https:\/\/oafdn.ca\/wp-content\/uploads\/2025\/08\/Fabienne-web-563x1024.jpg 563w, https:\/\/oafdn.ca\/wp-content\/uploads\/2025\/08\/Fabienne-web-165x300.jpg 165w, https:\/\/oafdn.ca\/wp-content\/uploads\/2025\/08\/Fabienne-web-7x12.jpg 7w, https:\/\/oafdn.ca\/wp-content\/uploads\/2025\/08\/Fabienne-web.jpg 750w\" sizes=\"(max-width: 250px) 100vw, 250px\" \/>\u00c9tabli en 2025, le Prix Fabienne de Cartier pour la po\u00e9sie est un nouveau prix annuel d\u00e9cern\u00e9 \u00e0 une ou un jeune po\u00e8te ontarien(ne) \u00e9mergent(e). La ou le laur\u00e9at(e) seront reconnu pour leur passion pour la forme, leur courage \u00e0 exp\u00e9rimenter et leur engagement envers une expression artistique, lors de leur recherche de leur propre voix. Fabienne de Cartier \u00e9tait une jeune po\u00e8te et militante de Toronto.<\/p><p>Auteure talentueuse et expressive, la pratique po\u00e9tique de Fabienne s'est r\u00e9v\u00e9l\u00e9e au d\u00e9but de son adolescence, une p\u00e9riode cr\u00e9ative prolifique et puissante. A la fois passionn\u00e9e et consciencieuse, Fabienne explorait et adoptait de nombreuses formes d\u2019expression vari\u00e9es. Membre de l\u2019\u00e9quipe BAM! Youth Poetry Slam Team (regarder sa performance de \u00ab Worth the Pain \u00bb <a href=\"https:\/\/www.youtube.com\/watch?v=Sn1bXfot1b0\">ici<\/a>), fondatrice de <a href=\"https:\/\/www.bottomoftheheartzine.com\/\">Bottom of the Heart<\/a>, un zine en ligne pour et par les jeunes \u00e9crivains et auteurs publi\u00e9s (lire la nouvelle \u00ab Labour of Love \u00bb <a href=\"https:\/\/crybaby.press\/2023\/05\/labor-of-love\/\">ici<\/a>), Fabienne a pratiqu\u00e9 et perfectionn\u00e9 avec enthousiasme ses techniques sur ses th\u00e8mes de pr\u00e9dilection : l'espoir, la r\u00e9silience et la justice sociale. Cr\u00e9\u00e9 par sa famille et ses amis en son honneur, ce prix garantit que l'esprit de Fabienne, en particulier son amour de la po\u00e9sie, son exp\u00e9rience de l'\u00e9criture comme moyen de r\u00e9flexion et de compr\u00e9hension de sa vie, et son profond engagement envers la po\u00e9sie comme forme d'expression pr\u00e9cieuse et digne, inspirera pour de nombreuses ann\u00e9es \u00e0 venir.\u00a0<\/p><p>Les laur\u00e9ats du prix seront s\u00e9lectionn\u00e9s parmi les demandes au programme \u00ab Literary Creation Projects \u00bb du Conseil des arts de l\u2019Ontario.<\/p><p><a href=\"https:\/\/oafdn.ca\/fr\/make-a-donation\/\"><img decoding=\"async\" class=\"alignnone size-full wp-image-122304\" src=\"https:\/\/oafdn.ca\/wp-content\/uploads\/2022\/12\/Donation_button_FR.jpg\" alt=\"\" width=\"145\" height=\"39\" srcset=\"https:\/\/oafdn.ca\/wp-content\/uploads\/2022\/12\/Donation_button_FR.jpg 965w, https:\/\/oafdn.ca\/wp-content\/uploads\/2022\/12\/Donation_button_FR-300x83.jpg 300w, https:\/\/oafdn.ca\/wp-content\/uploads\/2022\/12\/Donation_button_FR-768x212.jpg 768w, https:\/\/oafdn.ca\/wp-content\/uploads\/2022\/12\/Donation_button_FR-18x5.jpg 18w\" sizes=\"(max-width: 145px) 100vw, 145px\" \/><\/a><\/p>\t\t\t\t\t\t\t\t<\/div>\n\t\t\t\t<\/div>\n\t\t\t\t\t<\/div>\n\t\t<\/div>\n\t\t\t\t\t<\/div>\n\t\t<\/section>\n\t\t\t\t<\/div>","protected":false},"excerpt":{"rendered":"<p>Fabienne de Cartier Award for Poetry Launched in 2025, the Fabienne de Cartier Award for Poetry is a newly established annual award for a young and emerging Ontario poet. The recipient will be recognized for their passion for the form, their courage to experiment and their commitment to artistic expression as they work to find [&hellip;]<\/p>\n","protected":false},"author":316,"featured_media":0,"parent":3362,"menu_order":0,"comment_status":"closed","ping_status":"closed","template":"","meta":{"_acf_changed":false,"give_campaign_id":0,"nf_dc_page":"","site-sidebar-layout":"no-sidebar","site-content-layout":"page-builder","ast-site-content-layout":"full-width-container","site-content-style":"default","site-sidebar-style":"default","ast-global-header-display":"","ast-banner-title-visibility":"","ast-main-header-display":"","ast-hfb-above-header-display":"","ast-hfb-below-header-display":"","ast-hfb-mobile-header-display":"","site-post-title":"disabled","ast-breadcrumbs-content":"","ast-featured-img":"disabled","footer-sml-layout":"","ast-disable-related-posts":"","theme-transparent-header-meta":"","adv-header-id-meta":"","stick-header-meta":"","header-above-stick-meta":"","header-main-stick-meta":"","header-below-stick-meta":"","astra-migrate-meta-layouts":"set","ast-page-background-enabled":"default","ast-page-background-meta":{"desktop":{"background-color":"","background-image":"","background-repeat":"repeat","background-position":"center center","background-size":"auto","background-attachment":"scroll","background-type":"","background-media":"","overlay-type":"","overlay-color":"","overlay-opacity":"","overlay-gradient":""},"tablet":{"background-color":"","background-image":"","background-repeat":"repeat","background-position":"center center","background-size":"auto","background-attachment":"scroll","background-type":"","background-media":"","overlay-type":"","overlay-color":"","overlay-opacity":"","overlay-gradient":""},"mobile":{"background-color":"","background-image":"","background-repeat":"repeat","background-position":"center center","background-size":"auto","background-attachment":"scroll","background-type":"","background-media":"","overlay-type":"","overlay-color":"","overlay-opacity":"","overlay-gradient":""}},"ast-content-background-meta":{"desktop":{"background-color":"var(--ast-global-color-5)","background-image":"","background-repeat":"repeat","background-position":"center center","background-size":"auto","background-attachment":"scroll","background-type":"","background-media":"","overlay-type":"","overlay-color":"","overlay-opacity":"","overlay-gradient":""},"tablet":{"background-color":"var(--ast-global-color-5)","background-image":"","background-repeat":"repeat","background-position":"center center","background-size":"auto","background-attachment":"scroll","background-type":"","background-media":"","overlay-type":"","overlay-color":"","overlay-opacity":"","overlay-gradient":""},"mobile":{"background-color":"var(--ast-global-color-5)","background-image":"","background-repeat":"repeat","background-position":"center center","background-size":"auto","background-attachment":"scroll","background-type":"","background-media":"","overlay-type":"","overlay-color":"","overlay-opacity":"","overlay-gradient":""}},"footnotes":""},"class_list":["post-139891","page","type-page","status-publish","hentry"],"acf":[],"yoast_head":"<!-- This site is optimized with the Yoast SEO plugin v27.4 - https:\/\/yoast.com\/product\/yoast-seo-wordpress\/ -->\n<title>Fabienne de Cartier Award for Poetry - Ontario Arts Foundation<\/title>\n<meta name=\"description\" content=\"Fabienne de Cartier Award for Poetry Ontario Arts Foundation\" \/>\n<meta name=\"robots\" content=\"index, follow, max-snippet:-1, max-image-preview:large, max-video-preview:-1\" \/>\n<link rel=\"canonical\" href=\"https:\/\/oafdn.ca\/fr\/programs\/awards\/fabienne-de-cartier-award-for-poetry\/\" \/>\n<meta property=\"og:locale\" content=\"fr_CA\" \/>\n<meta property=\"og:type\" content=\"article\" \/>\n<meta property=\"og:title\" content=\"Fabienne de Cartier Award for Poetry - Ontario Arts Foundation\" \/>\n<meta property=\"og:description\" content=\"Fabienne de Cartier Award for Poetry Ontario Arts Foundation\" \/>\n<meta property=\"og:url\" content=\"https:\/\/oafdn.ca\/fr\/programs\/awards\/fabienne-de-cartier-award-for-poetry\/\" \/>\n<meta property=\"og:site_name\" content=\"Ontario Arts Foundation\" \/>\n<meta property=\"article:publisher\" content=\"https:\/\/www.facebook.com\/OntarioArtsFoundation\/\" \/>\n<meta property=\"article:modified_time\" content=\"2025-08-19T18:07:15+00:00\" \/>\n<meta property=\"og:image\" content=\"https:\/\/oafdn.ca\/wp-content\/uploads\/2025\/08\/Fabienne-web.jpg\" \/>\n\t<meta property=\"og:image:width\" content=\"750\" \/>\n\t<meta property=\"og:image:height\" content=\"1363\" \/>\n\t<meta property=\"og:image:type\" content=\"image\/jpeg\" \/>\n<meta name=\"twitter:card\" content=\"summary_large_image\" \/>\n<meta name=\"twitter:site\" content=\"@OntarioArtsFdn\" \/>\n<meta name=\"twitter:label1\" content=\"Estimation du temps de lecture\" \/>\n\t<meta name=\"twitter:data1\" content=\"1 minute\" \/>\n<script type=\"application\/ld+json\" class=\"yoast-schema-graph\">{\"@context\":\"https:\\\/\\\/schema.org\",\"@graph\":[{\"@type\":\"WebPage\",\"@id\":\"https:\\\/\\\/oafdn.ca\\\/programs\\\/awards\\\/fabienne-de-cartier-award-for-poetry\\\/\",\"url\":\"https:\\\/\\\/oafdn.ca\\\/programs\\\/awards\\\/fabienne-de-cartier-award-for-poetry\\\/\",\"name\":\"Fabienne de Cartier Award for Poetry - Ontario Arts Foundation\",\"isPartOf\":{\"@id\":\"https:\\\/\\\/oafdn.ca\\\/#website\"},\"primaryImageOfPage\":{\"@id\":\"https:\\\/\\\/oafdn.ca\\\/programs\\\/awards\\\/fabienne-de-cartier-award-for-poetry\\\/#primaryimage\"},\"image\":{\"@id\":\"https:\\\/\\\/oafdn.ca\\\/programs\\\/awards\\\/fabienne-de-cartier-award-for-poetry\\\/#primaryimage\"},\"thumbnailUrl\":\"https:\\\/\\\/oafdn.ca\\\/wp-content\\\/uploads\\\/2025\\\/08\\\/Fabienne-web-563x1024.jpg\",\"datePublished\":\"2025-08-19T14:07:39+00:00\",\"dateModified\":\"2025-08-19T18:07:15+00:00\",\"description\":\"Fabienne de Cartier Award for Poetry Ontario Arts Foundation\",\"breadcrumb\":{\"@id\":\"https:\\\/\\\/oafdn.ca\\\/programs\\\/awards\\\/fabienne-de-cartier-award-for-poetry\\\/#breadcrumb\"},\"inLanguage\":\"fr-CA\",\"potentialAction\":[{\"@type\":\"ReadAction\",\"target\":[\"https:\\\/\\\/oafdn.ca\\\/programs\\\/awards\\\/fabienne-de-cartier-award-for-poetry\\\/\"]}]},{\"@type\":\"ImageObject\",\"inLanguage\":\"fr-CA\",\"@id\":\"https:\\\/\\\/oafdn.ca\\\/programs\\\/awards\\\/fabienne-de-cartier-award-for-poetry\\\/#primaryimage\",\"url\":\"https:\\\/\\\/oafdn.ca\\\/wp-content\\\/uploads\\\/2025\\\/08\\\/Fabienne-web-563x1024.jpg\",\"contentUrl\":\"https:\\\/\\\/oafdn.ca\\\/wp-content\\\/uploads\\\/2025\\\/08\\\/Fabienne-web-563x1024.jpg\"},{\"@type\":\"BreadcrumbList\",\"@id\":\"https:\\\/\\\/oafdn.ca\\\/programs\\\/awards\\\/fabienne-de-cartier-award-for-poetry\\\/#breadcrumb\",\"itemListElement\":[{\"@type\":\"ListItem\",\"position\":1,\"name\":\"Home\",\"item\":\"https:\\\/\\\/oafdn.ca\\\/\"},{\"@type\":\"ListItem\",\"position\":2,\"name\":\"Programs\",\"item\":\"https:\\\/\\\/oafdn.ca\\\/programs\\\/\"},{\"@type\":\"ListItem\",\"position\":3,\"name\":\"Awards\",\"item\":\"https:\\\/\\\/oafdn.ca\\\/programs\\\/awards\\\/\"},{\"@type\":\"ListItem\",\"position\":4,\"name\":\"Fabienne de Cartier Award for Poetry\"}]},{\"@type\":\"WebSite\",\"@id\":\"https:\\\/\\\/oafdn.ca\\\/#website\",\"url\":\"https:\\\/\\\/oafdn.ca\\\/\",\"name\":\"Ontario Arts Foundation\",\"description\":\"The Ontario Arts Foundation is a non-governmental not for profit organization established in 1991 under the Ontario Corporations Act to encourage and facilitate private giving to the arts in Ontario, Canada.\",\"publisher\":{\"@id\":\"https:\\\/\\\/oafdn.ca\\\/#organization\"},\"potentialAction\":[{\"@type\":\"SearchAction\",\"target\":{\"@type\":\"EntryPoint\",\"urlTemplate\":\"https:\\\/\\\/oafdn.ca\\\/?s={search_term_string}\"},\"query-input\":{\"@type\":\"PropertyValueSpecification\",\"valueRequired\":true,\"valueName\":\"search_term_string\"}}],\"inLanguage\":\"fr-CA\"},{\"@type\":\"Organization\",\"@id\":\"https:\\\/\\\/oafdn.ca\\\/#organization\",\"name\":\"Ontario Arts Foundation\",\"url\":\"https:\\\/\\\/oafdn.ca\\\/\",\"logo\":{\"@type\":\"ImageObject\",\"inLanguage\":\"fr-CA\",\"@id\":\"https:\\\/\\\/oafdn.ca\\\/#\\\/schema\\\/logo\\\/image\\\/\",\"url\":\"https:\\\/\\\/oafdn.ca\\\/wp-content\\\/uploads\\\/2022\\\/02\\\/logo1-1.png\",\"contentUrl\":\"https:\\\/\\\/oafdn.ca\\\/wp-content\\\/uploads\\\/2022\\\/02\\\/logo1-1.png\",\"width\":1761,\"height\":487,\"caption\":\"Ontario Arts Foundation\"},\"image\":{\"@id\":\"https:\\\/\\\/oafdn.ca\\\/#\\\/schema\\\/logo\\\/image\\\/\"},\"sameAs\":[\"https:\\\/\\\/www.facebook.com\\\/OntarioArtsFoundation\\\/\",\"https:\\\/\\\/x.com\\\/OntarioArtsFdn\"]}]}<\/script>\n<!-- \/ Yoast SEO plugin. -->","yoast_head_json":{"title":"Fabienne de Cartier Award for Poetry - Ontario Arts Foundation","description":"Fabienne de Cartier Award for Poetry Ontario Arts Foundation","robots":{"index":"index","follow":"follow","max-snippet":"max-snippet:-1","max-image-preview":"max-image-preview:large","max-video-preview":"max-video-preview:-1"},"canonical":"https:\/\/oafdn.ca\/fr\/programs\/awards\/fabienne-de-cartier-award-for-poetry\/","og_locale":"fr_CA","og_type":"article","og_title":"Fabienne de Cartier Award for Poetry - Ontario Arts Foundation","og_description":"Fabienne de Cartier Award for Poetry Ontario Arts Foundation","og_url":"https:\/\/oafdn.ca\/fr\/programs\/awards\/fabienne-de-cartier-award-for-poetry\/","og_site_name":"Ontario Arts Foundation","article_publisher":"https:\/\/www.facebook.com\/OntarioArtsFoundation\/","article_modified_time":"2025-08-19T18:07:15+00:00","og_image":[{"width":750,"height":1363,"url":"https:\/\/oafdn.ca\/wp-content\/uploads\/2025\/08\/Fabienne-web.jpg","type":"image\/jpeg"}],"twitter_card":"summary_large_image","twitter_site":"@OntarioArtsFdn","twitter_misc":{"Estimation du temps de lecture":"1 minute"},"schema":{"@context":"https:\/\/schema.org","@graph":[{"@type":"WebPage","@id":"https:\/\/oafdn.ca\/programs\/awards\/fabienne-de-cartier-award-for-poetry\/","url":"https:\/\/oafdn.ca\/programs\/awards\/fabienne-de-cartier-award-for-poetry\/","name":"Fabienne de Cartier Award for Poetry - Ontario Arts Foundation","isPartOf":{"@id":"https:\/\/oafdn.ca\/#website"},"primaryImageOfPage":{"@id":"https:\/\/oafdn.ca\/programs\/awards\/fabienne-de-cartier-award-for-poetry\/#primaryimage"},"image":{"@id":"https:\/\/oafdn.ca\/programs\/awards\/fabienne-de-cartier-award-for-poetry\/#primaryimage"},"thumbnailUrl":"https:\/\/oafdn.ca\/wp-content\/uploads\/2025\/08\/Fabienne-web-563x1024.jpg","datePublished":"2025-08-19T14:07:39+00:00","dateModified":"2025-08-19T18:07:15+00:00","description":"Fabienne de Cartier Award for Poetry Ontario Arts Foundation","breadcrumb":{"@id":"https:\/\/oafdn.ca\/programs\/awards\/fabienne-de-cartier-award-for-poetry\/#breadcrumb"},"inLanguage":"fr-CA","potentialAction":[{"@type":"ReadAction","target":["https:\/\/oafdn.ca\/programs\/awards\/fabienne-de-cartier-award-for-poetry\/"]}]},{"@type":"ImageObject","inLanguage":"fr-CA","@id":"https:\/\/oafdn.ca\/programs\/awards\/fabienne-de-cartier-award-for-poetry\/#primaryimage","url":"https:\/\/oafdn.ca\/wp-content\/uploads\/2025\/08\/Fabienne-web-563x1024.jpg","contentUrl":"https:\/\/oafdn.ca\/wp-content\/uploads\/2025\/08\/Fabienne-web-563x1024.jpg"},{"@type":"BreadcrumbList","@id":"https:\/\/oafdn.ca\/programs\/awards\/fabienne-de-cartier-award-for-poetry\/#breadcrumb","itemListElement":[{"@type":"ListItem","position":1,"name":"Home","item":"https:\/\/oafdn.ca\/"},{"@type":"ListItem","position":2,"name":"Programs","item":"https:\/\/oafdn.ca\/programs\/"},{"@type":"ListItem","position":3,"name":"Awards","item":"https:\/\/oafdn.ca\/programs\/awards\/"},{"@type":"ListItem","position":4,"name":"Fabienne de Cartier Award for Poetry"}]},{"@type":"WebSite","@id":"https:\/\/oafdn.ca\/#website","url":"https:\/\/oafdn.ca\/","name":"Fondation des arts de l'Ontario","description":"The Ontario Arts Foundation is a non-governmental not for profit organization established in 1991 under the Ontario Corporations Act to encourage and facilitate private giving to the arts in Ontario, Canada.","publisher":{"@id":"https:\/\/oafdn.ca\/#organization"},"potentialAction":[{"@type":"SearchAction","target":{"@type":"EntryPoint","urlTemplate":"https:\/\/oafdn.ca\/?s={search_term_string}"},"query-input":{"@type":"PropertyValueSpecification","valueRequired":true,"valueName":"search_term_string"}}],"inLanguage":"fr-CA"},{"@type":"Organization","@id":"https:\/\/oafdn.ca\/#organization","name":"Fondation des arts de l'Ontario","url":"https:\/\/oafdn.ca\/","logo":{"@type":"ImageObject","inLanguage":"fr-CA","@id":"https:\/\/oafdn.ca\/#\/schema\/logo\/image\/","url":"https:\/\/oafdn.ca\/wp-content\/uploads\/2022\/02\/logo1-1.png","contentUrl":"https:\/\/oafdn.ca\/wp-content\/uploads\/2022\/02\/logo1-1.png","width":1761,"height":487,"caption":"Ontario Arts Foundation"},"image":{"@id":"https:\/\/oafdn.ca\/#\/schema\/logo\/image\/"},"sameAs":["https:\/\/www.facebook.com\/OntarioArtsFoundation\/","https:\/\/x.com\/OntarioArtsFdn"]}]}},"campaignId":"0","_links":{"self":[{"href":"https:\/\/oafdn.ca\/fr\/wp-json\/wp\/v2\/pages\/139891","targetHints":{"allow":["GET"]}}],"collection":[{"href":"https:\/\/oafdn.ca\/fr\/wp-json\/wp\/v2\/pages"}],"about":[{"href":"https:\/\/oafdn.ca\/fr\/wp-json\/wp\/v2\/types\/page"}],"author":[{"embeddable":true,"href":"https:\/\/oafdn.ca\/fr\/wp-json\/wp\/v2\/users\/316"}],"replies":[{"embeddable":true,"href":"https:\/\/oafdn.ca\/fr\/wp-json\/wp\/v2\/comments?post=139891"}],"version-history":[{"count":5,"href":"https:\/\/oafdn.ca\/fr\/wp-json\/wp\/v2\/pages\/139891\/revisions"}],"predecessor-version":[{"id":139913,"href":"https:\/\/oafdn.ca\/fr\/wp-json\/wp\/v2\/pages\/139891\/revisions\/139913"}],"up":[{"embeddable":true,"href":"https:\/\/oafdn.ca\/fr\/wp-json\/wp\/v2\/pages\/3362"}],"wp:attachment":[{"href":"https:\/\/oafdn.ca\/fr\/wp-json\/wp\/v2\/media?parent=139891"}],"curies":[{"name":"wp","href":"https:\/\/api.w.org\/{rel}","templated":true}]}}